{"id":21,"date":"2023-04-03T18:25:01","date_gmt":"2023-04-03T16:25:01","guid":{"rendered":"https:\/\/consolatozurigo.esteri.it\/?page_id=21"},"modified":"2023-04-03T18:25:01","modified_gmt":"2023-04-03T16:25:01","slug":"news","status":"publish","type":"page","link":"https:\/\/consbasilea.esteri.it\/it\/news\/","title":{"rendered":"Notizie"},"content":{"rendered":"        <div class=\"row\">\n\t\t\t<!-- Ricerca sedi post -->\n\t\t\t<div class=\"col-12 mt-4\">\n\t\t\t  <div class=\"callout callout-highlight note ricerca-esteri p-4\">\n                    <div class=\"callout-title\">\n                        <svg class=\"icon\">\n                            <use xlink:href=\"https:\/\/consbasilea.esteri.it\/wp-content\/themes\/sedi-tema\/assets\/svg\/sprites.svg#it-search\"><\/use>\n                        <\/svg>Inserisci i parametri di ricerca                    <\/div>\n                    <form id=\"searchFormPost\" name=\"form-search-post\" class=\"form-row align-items-center\" action=\"https:\/\/consbasilea.esteri.it\/it\/wp-json\/wp\/v2\/pages\/21\/\" method=\"GET\"> \n                        <!-- <div class=\"form-group pt-5\"> -->\n                            <!-- <input type=\"hidden\" id=\"lang\" name=\"lang\" value=\"\"> --> <!-- <\/div> -->\n\n                        <div class=\"it-datepicker-wrapper\">\n                            <div class=\"row\">\n                                <div class=\"form-group col-md-6\">\n                                    <label class=\"active\" for=\"date-init\">Dal<\/label>\n                                    <input class=\"form-control\" name=\"date-init\" id=\"date-init\" type=\"date\" placeholder=\"gg\/mm\/aaaa\" value=\"\"lang=\"en-EN\">  \n                                <\/div>\n                                <div class=\"form-group col-md-6\">\n                                    <label class=\"active\" for=\"date-end\">Al<\/label>\n                                    <input class=\"form-control\" name=\"date-end\" id=\"date-end\" type=\"date\" placeholder=\"gg\/mm\/aaaa\" value=\"\">\n                                <\/div>\n                            <\/div>\n                        <\/div>\n                        <div class=\"form-group col-md-12 mt-3\">\n                            <label for=\"searchText\">Campo ricerca libera<\/label>\n                            <input type=\"text\" name=\"searchText\" class=\"form-control\" id=\"searchText\" value=\"\">\n                        <\/div>\n                        <div class=\"form-group col-md-4 offset-md-8 text-end\">\n                            <a href=\"https:\/\/consbasilea.esteri.it\/it\/news\/\" title=\"Form reset\" id=\"resetImput\" class=\"btn btn-outline-primary btn-xs\">Reset<\/a>\n                            <button type=\"submit\" class=\"btn btn-primary btn-xs\">Mostra risultati<\/button>\n                        <\/div>\n                    <\/form>\n\t\t\t\t<\/div>\n\t\t\t<\/div>\n\t\t<\/div>\n                    \n            <div class=\"row\">\n                            <div class=\"col-12 mt-3\">\n                <!--start card-->\n                <div class=\"card-wrapper card-space\">\n                    <div class=\"card card-bg card-big border-bottom-card\">\n                        <div class=\"card-body \">\n                                                        <div class=\"category-top\">\n                                                                                                            <span class=\"\">\n                                        <svg class=\"icon icon-secondary\">\n                                            <use xlink:href=\"https:\/\/consbasilea.esteri.it\/wp-content\/themes\/sedi-tema\/assets\/svg\/sprites.svg#it-calendar\"><\/use>\n                                        <\/svg> 3 Settembre 2026                                    <\/span>\n                                                                    <\/div>\n                            <h5 class=\"card-title big-heading text-uppercase\"><a class=\"text-body text-decoration-none\" href=\"https:\/\/consbasilea.esteri.it\/it\/news\/dal_consolato\/2026\/09\/indizione-delle-elezioni-dei-comites-3-settembre-2026\/\" title=\"INDIZIONE DELLE ELEZIONI DEI COMITES \u2013 3 SETTEMBRE 2026\">INDIZIONE DELLE ELEZIONI DEI COMITES \u2013 3 SETTEMBRE 2026<\/a><\/h5>\n                            <p class=\"card-text\">Con Decreto consolare del Capo dell\u2019Ufficio consolare di Basilea, sono indette le elezioni per l\u2019istituzione e il rinnovo del Comitato degli Italiani all\u2019estero di Basilea. La data delle elezioni \u00e8 fissata al 4 dicembre 2026. Tale data corrisponde all\u2019ultimo giorno utile per far pervenire al proprio Consolato di riferimento la busta contenente la propria scheda [&hellip;]<\/p>\n                                <a title=\"INDIZIONE DELLE ELEZIONI DEI COMITES \u2013 3 SETTEMBRE 2026\" class=\"read-more\" href=\"https:\/\/consbasilea.esteri.it\/it\/news\/dal_consolato\/2026\/09\/indizione-delle-elezioni-dei-comites-3-settembre-2026\/\">\n                                    <span class=\"text\">Leggi di pi\u00f9<\/span>\n                                    <svg class=\"icon\">\n                                    <use xlink:href=\"https:\/\/consbasilea.esteri.it\/wp-content\/themes\/sedi-tema\/assets\/svg\/sprites.svg#it-arrow-right\"><\/use>\n                                    <\/svg>\n                                <\/a>\n                                                    <\/div>\n                    <\/div>\n                <\/div>\n                <!--end card-->\n                <\/div><!-- col-12 .mt-3-->\n                            <div class=\"col-12 mt-3\">\n                <!--start card-->\n                <div class=\"card-wrapper card-space\">\n                    <div class=\"card card-bg card-big border-bottom-card\">\n                        <div class=\"card-body \">\n                                                        <div class=\"category-top\">\n                                                                                                            <span class=\"\">\n                                        <svg class=\"icon icon-secondary\">\n                                            <use xlink:href=\"https:\/\/consbasilea.esteri.it\/wp-content\/themes\/sedi-tema\/assets\/svg\/sprites.svg#it-calendar\"><\/use>\n                                        <\/svg> 31 Agosto 2026                                    <\/span>\n                                                                    <\/div>\n                            <h5 class=\"card-title big-heading text-uppercase\"><a class=\"text-body text-decoration-none\" href=\"https:\/\/consbasilea.esteri.it\/it\/news\/dal_consolato\/2026\/08\/comites-come-iscriversi-al-voto\/\" title=\"ComItEs, Come iscriversi al voto?\">ComItEs, Come iscriversi al voto?<\/a><\/h5>\n                            <p class=\"card-text\">Per votare, \u00e8 necessario ISCRIVERSI nell&#8217;elenco degli elettori del tuo Consolato. Puoi inviare la tua richiesta per posta ordinaria, e-mail e PEC, allegando copia di un documento d\u2019identit\u00e0 o presentandoti di persona al Consolato. Scarica qui il modulo<\/p>\n                                <a title=\"ComItEs, Come iscriversi al voto?\" class=\"read-more\" href=\"https:\/\/consbasilea.esteri.it\/it\/news\/dal_consolato\/2026\/08\/comites-come-iscriversi-al-voto\/\">\n                                    <span class=\"text\">Leggi di pi\u00f9<\/span>\n                                    <svg class=\"icon\">\n                                    <use xlink:href=\"https:\/\/consbasilea.esteri.it\/wp-content\/themes\/sedi-tema\/assets\/svg\/sprites.svg#it-arrow-right\"><\/use>\n                                    <\/svg>\n                                <\/a>\n                                                    <\/div>\n                    <\/div>\n                <\/div>\n                <!--end card-->\n                <\/div><!-- col-12 .mt-3-->\n                            <div class=\"col-12 mt-3\">\n                <!--start card-->\n                <div class=\"card-wrapper card-space\">\n                    <div class=\"card card-bg card-big border-bottom-card\">\n                        <div class=\"card-body \">\n                                                        <div class=\"category-top\">\n                                                                                                            <span class=\"\">\n                                        <svg class=\"icon icon-secondary\">\n                                            <use xlink:href=\"https:\/\/consbasilea.esteri.it\/wp-content\/themes\/sedi-tema\/assets\/svg\/sprites.svg#it-calendar\"><\/use>\n                                        <\/svg> 28 Agosto 2026                                    <\/span>\n                                                                    <\/div>\n                            <h5 class=\"card-title big-heading text-uppercase\"><a class=\"text-body text-decoration-none\" href=\"https:\/\/consbasilea.esteri.it\/it\/news\/dal_consolato\/2026\/08\/comites-cosa-fare-prima-del-voto-iscriviti-al-voto-e-ove-necessario-aggiorna-il-tuo-indirizzo-su-fast-it\/\" title=\"ComItEs. Cosa fare prima del voto? Iscriviti al voto e, ove necessario, aggiorna il tuo indirizzo su FAST IT\">ComItEs. Cosa fare prima del voto? Iscriviti al voto e, ove necessario, aggiorna il tuo indirizzo su FAST IT<\/a><\/h5>\n                            <p class=\"card-text\">Entro la fine del 2026 si terranno le elezioni per il rinnovo dei Com.It.Es. Per votare, assicurati di aver aggiornato il tuo indirizzo tramite il portale FAST IT. Scopri di pi\u00f9<\/p>\n                                <a title=\"ComItEs. Cosa fare prima del voto? Iscriviti al voto e, ove necessario, aggiorna il tuo indirizzo su FAST IT\" class=\"read-more\" href=\"https:\/\/consbasilea.esteri.it\/it\/news\/dal_consolato\/2026\/08\/comites-cosa-fare-prima-del-voto-iscriviti-al-voto-e-ove-necessario-aggiorna-il-tuo-indirizzo-su-fast-it\/\">\n                                    <span class=\"text\">Leggi di pi\u00f9<\/span>\n                                    <svg class=\"icon\">\n                                    <use xlink:href=\"https:\/\/consbasilea.esteri.it\/wp-content\/themes\/sedi-tema\/assets\/svg\/sprites.svg#it-arrow-right\"><\/use>\n                                    <\/svg>\n                                <\/a>\n                                                    <\/div>\n                    <\/div>\n                <\/div>\n                <!--end card-->\n                <\/div><!-- col-12 .mt-3-->\n                            <div class=\"col-12 mt-3\">\n                <!--start card-->\n                <div class=\"card-wrapper card-space\">\n                    <div class=\"card card-bg card-big border-bottom-card\">\n                        <div class=\"card-body \">\n                                                        <div class=\"category-top\">\n                                                                                                            <span class=\"\">\n                                        <svg class=\"icon icon-secondary\">\n                                            <use xlink:href=\"https:\/\/consbasilea.esteri.it\/wp-content\/themes\/sedi-tema\/assets\/svg\/sprites.svg#it-calendar\"><\/use>\n                                        <\/svg> 27 Agosto 2026                                    <\/span>\n                                                                    <\/div>\n                            <h5 class=\"card-title big-heading text-uppercase\"><a class=\"text-body text-decoration-none\" href=\"https:\/\/consbasilea.esteri.it\/it\/news\/dal_consolato\/2026\/08\/avviso-di-assunzione-di-n-4-impiegati-a-contratto-presso-lambasciata-ditalia-a-berna\/\" title=\"AVVISO DI ASSUNZIONE DI N.4 IMPIEGATI A CONTRATTO PRESSO L&#8217;AMBASCIATA D&#8217;ITALIA A BERNA\">AVVISO DI ASSUNZIONE DI N.4 IMPIEGATI A CONTRATTO PRESSO L&#8217;AMBASCIATA D&#8217;ITALIA A BERNA<\/a><\/h5>\n                            <p class=\"card-text\">L\u2019Ambasciata d\u2019Italia a Berna informa di aver avviato le procedure per l\u2019assunzione di n. 4 impiegati a contratto da adibire ai servizi di assistente amministrativo. BANDO DI CONCORSO N. 4 IMPIEGATI A CONTRATTO MODELLO DI DOMANDA<\/p>\n                                <a title=\"AVVISO DI ASSUNZIONE DI N.4 IMPIEGATI A CONTRATTO PRESSO L&#8217;AMBASCIATA D&#8217;ITALIA A BERNA\" class=\"read-more\" href=\"https:\/\/consbasilea.esteri.it\/it\/news\/dal_consolato\/2026\/08\/avviso-di-assunzione-di-n-4-impiegati-a-contratto-presso-lambasciata-ditalia-a-berna\/\">\n                                    <span class=\"text\">Leggi di pi\u00f9<\/span>\n                                    <svg class=\"icon\">\n                                    <use xlink:href=\"https:\/\/consbasilea.esteri.it\/wp-content\/themes\/sedi-tema\/assets\/svg\/sprites.svg#it-arrow-right\"><\/use>\n                                    <\/svg>\n                                <\/a>\n                                                    <\/div>\n                    <\/div>\n                <\/div>\n                <!--end card-->\n                <\/div><!-- col-12 .mt-3-->\n                            <div class=\"col-12 mt-3\">\n                <!--start card-->\n                <div class=\"card-wrapper card-space\">\n                    <div class=\"card card-bg card-big border-bottom-card\">\n                        <div class=\"card-body \">\n                                                        <div class=\"category-top\">\n                                                                                                            <span class=\"\">\n                                        <svg class=\"icon icon-secondary\">\n                                            <use xlink:href=\"https:\/\/consbasilea.esteri.it\/wp-content\/themes\/sedi-tema\/assets\/svg\/sprites.svg#it-calendar\"><\/use>\n                                        <\/svg> 19 Agosto 2026                                    <\/span>\n                                                                    <\/div>\n                            <h5 class=\"card-title big-heading text-uppercase\"><a class=\"text-body text-decoration-none\" href=\"https:\/\/consbasilea.esteri.it\/it\/news\/dal_consolato\/2026\/08\/elezione-dei-comitati-degli-italiani-allestero-comites-2026-modalita-per-la-richiesta-di-iscrizione-nellelenco-elettorale\/\" title=\"Elezione dei Comitati degli italiani all\u2019estero &#8211; COMITES 2026  MODALITA\u2019 PER LA RICHIESTA DI ISCRIZIONE NELL\u2019ELENCO ELETTORALE\">Elezione dei Comitati degli italiani all\u2019estero &#8211; COMITES 2026  MODALITA\u2019 PER LA RICHIESTA DI ISCRIZIONE NELL\u2019ELENCO ELETTORALE<\/a><\/h5>\n                            <p class=\"card-text\">Elezione dei Comitati degli italiani all\u2019estero &#8211; COMITES 2026 MODALITA\u2019 PER LA RICHIESTA DI ISCRIZIONE NELL\u2019ELENCO ELETTORALE &nbsp; Le elezioni per il rinnovo e l\u2019istituzione dei COMITES si terranno entro la fine del 2026. I Comitati degli italiani all\u2019estero sono organi di rappresentanza della collettivit\u00e0 italiana nei rapporti con le rappresentanze diplomatico-consolari e operano per [&hellip;]<\/p>\n                                <a title=\"Elezione dei Comitati degli italiani all\u2019estero &#8211; COMITES 2026  MODALITA\u2019 PER LA RICHIESTA DI ISCRIZIONE NELL\u2019ELENCO ELETTORALE\" class=\"read-more\" href=\"https:\/\/consbasilea.esteri.it\/it\/news\/dal_consolato\/2026\/08\/elezione-dei-comitati-degli-italiani-allestero-comites-2026-modalita-per-la-richiesta-di-iscrizione-nellelenco-elettorale\/\">\n                                    <span class=\"text\">Leggi di pi\u00f9<\/span>\n                                    <svg class=\"icon\">\n                                    <use xlink:href=\"https:\/\/consbasilea.esteri.it\/wp-content\/themes\/sedi-tema\/assets\/svg\/sprites.svg#it-arrow-right\"><\/use>\n                                    <\/svg>\n                                <\/a>\n                                                    <\/div>\n                    <\/div>\n                <\/div>\n                <!--end card-->\n                <\/div><!-- col-12 .mt-3-->\n                            <div class=\"col-12 mt-3\">\n                <!--start card-->\n                <div class=\"card-wrapper card-space\">\n                    <div class=\"card card-bg card-big border-bottom-card\">\n                        <div class=\"card-body \">\n                                                        <div class=\"category-top\">\n                                                                                                            <span class=\"\">\n                                        <svg class=\"icon icon-secondary\">\n                                            <use xlink:href=\"https:\/\/consbasilea.esteri.it\/wp-content\/themes\/sedi-tema\/assets\/svg\/sprites.svg#it-calendar\"><\/use>\n                                        <\/svg> 18 Agosto 2026                                    <\/span>\n                                                                    <\/div>\n                            <h5 class=\"card-title big-heading text-uppercase\"><a class=\"text-body text-decoration-none\" href=\"https:\/\/consbasilea.esteri.it\/it\/news\/dal_consolato\/2026\/08\/avviso-telefono-del-consolato-momentaneamente-non-funzionante\/\" title=\"Avviso. Telefono del Consolato momentaneamente non funzionante\">Avviso. Telefono del Consolato momentaneamente non funzionante<\/a><\/h5>\n                            <p class=\"card-text\">Si avvisano i gentili Connazionali che il telefono del Consolato, oggi, 18 agosto 2026,\u00a0 \u00e8 momentaneamente fuori uso. Si cercher\u00e0 di ripristinare le linee quanto prima possibile. Si ringrazia per la pazienza.<\/p>\n                                <a title=\"Avviso. Telefono del Consolato momentaneamente non funzionante\" class=\"read-more\" href=\"https:\/\/consbasilea.esteri.it\/it\/news\/dal_consolato\/2026\/08\/avviso-telefono-del-consolato-momentaneamente-non-funzionante\/\">\n                                    <span class=\"text\">Leggi di pi\u00f9<\/span>\n                                    <svg class=\"icon\">\n                                    <use xlink:href=\"https:\/\/consbasilea.esteri.it\/wp-content\/themes\/sedi-tema\/assets\/svg\/sprites.svg#it-arrow-right\"><\/use>\n                                    <\/svg>\n                                <\/a>\n                                                    <\/div>\n                    <\/div>\n                <\/div>\n                <!--end card-->\n                <\/div><!-- col-12 .mt-3-->\n                            <div class=\"col-12 mt-3\">\n                <!--start card-->\n                <div class=\"card-wrapper card-space\">\n                    <div class=\"card card-bg card-big border-bottom-card\">\n                        <div class=\"card-body \">\n                                                        <div class=\"category-top\">\n                                                                                                            <span class=\"\">\n                                        <svg class=\"icon icon-secondary\">\n                                            <use xlink:href=\"https:\/\/consbasilea.esteri.it\/wp-content\/themes\/sedi-tema\/assets\/svg\/sprites.svg#it-calendar\"><\/use>\n                                        <\/svg> 11 Agosto 2026                                    <\/span>\n                                                                    <\/div>\n                            <h5 class=\"card-title big-heading text-uppercase\"><a class=\"text-body text-decoration-none\" href=\"https:\/\/consbasilea.esteri.it\/it\/news\/dal_consolato\/2026\/08\/incontro-del-console-con-il-governo-del-cantone-di-giura\/\" title=\"Incontro del Console con il Governo del Cantone di Giura\">Incontro del Console con il Governo del Cantone di Giura<\/a><\/h5>\n                            <p class=\"card-text\">Nel pomeriggio del 10 agosto si \u00e8 svolto a Del\u00e9mont nel Cantone di Giura l\u2019incontro tra la Console Eugenia Tiziana Berti, accompagnata dal consorte Anders Lindblad, \u00a0la pr\u00e9sidente du Gouvernement, Madame Rosalie Beuret Siess, le ministre de la coh\u00e9sion sociale, de la justice et de la police, Monsieur Valentin Zuber, et le chancelier d\u2019Etat, Monsieur [&hellip;]<\/p>\n                                <a title=\"Incontro del Console con il Governo del Cantone di Giura\" class=\"read-more\" href=\"https:\/\/consbasilea.esteri.it\/it\/news\/dal_consolato\/2026\/08\/incontro-del-console-con-il-governo-del-cantone-di-giura\/\">\n                                    <span class=\"text\">Leggi di pi\u00f9<\/span>\n                                    <svg class=\"icon\">\n                                    <use xlink:href=\"https:\/\/consbasilea.esteri.it\/wp-content\/themes\/sedi-tema\/assets\/svg\/sprites.svg#it-arrow-right\"><\/use>\n                                    <\/svg>\n                                <\/a>\n                                                    <\/div>\n                    <\/div>\n                <\/div>\n                <!--end card-->\n                <\/div><!-- col-12 .mt-3-->\n                            <div class=\"col-12 mt-3\">\n                <!--start card-->\n                <div class=\"card-wrapper card-space\">\n                    <div class=\"card card-bg card-big border-bottom-card\">\n                        <div class=\"card-body \">\n                                                        <div class=\"category-top\">\n                                                                                                            <span class=\"\">\n                                        <svg class=\"icon icon-secondary\">\n                                            <use xlink:href=\"https:\/\/consbasilea.esteri.it\/wp-content\/themes\/sedi-tema\/assets\/svg\/sprites.svg#it-calendar\"><\/use>\n                                        <\/svg> 7 Agosto 2026                                    <\/span>\n                                                                    <\/div>\n                            <h5 class=\"card-title big-heading text-uppercase\"><a class=\"text-body text-decoration-none\" href=\"https:\/\/consbasilea.esteri.it\/it\/news\/dal_consolato\/2026\/08\/messaggio-del-vice-presidente-del-consiglio-dei-ministri-e-ministro-degli-affari-esteri-e-della-cooperazione-internazionale-on-antonio-tajani-in-occasione-del-70-anniversario-della-tragedia-d\/\" title=\"MESSAGGIO DEL VICE PRESIDENTE DEL CONSIGLIO DEI MINISTRI E MINISTRO DEGLI AFFARI ESTERI E DELLA COOPERAZIONE INTERNAZIONALE, ON. ANTONIO TAJANI, IN OCCASIONE DEL 70\u00b0 ANNIVERSARIO DELLA TRAGEDIA DI MARCINELLE E DELLA 25\u00aa GIORNATA NAZIONALE DEL SACRIFICIO DEL LAVORO ITALIANO NEL MONDO\">MESSAGGIO DEL VICE PRESIDENTE DEL CONSIGLIO DEI MINISTRI E MINISTRO DEGLI AFFARI ESTERI E DELLA COOPERAZIONE INTERNAZIONALE, ON. ANTONIO TAJANI, IN OCCASIONE DEL 70\u00b0 ANNIVERSARIO DELLA TRAGEDIA DI MARCINELLE E DELLA 25\u00aa GIORNATA NAZIONALE DEL SACRIFICIO DEL LAVORO ITALIANO NEL MONDO<\/a><\/h5>\n                            <p class=\"card-text\">Testo del messaggio<\/p>\n                                <a title=\"MESSAGGIO DEL VICE PRESIDENTE DEL CONSIGLIO DEI MINISTRI E MINISTRO DEGLI AFFARI ESTERI E DELLA COOPERAZIONE INTERNAZIONALE, ON. ANTONIO TAJANI, IN OCCASIONE DEL 70\u00b0 ANNIVERSARIO DELLA TRAGEDIA DI MARCINELLE E DELLA 25\u00aa GIORNATA NAZIONALE DEL SACRIFICIO DEL LAVORO ITALIANO NEL MONDO\" class=\"read-more\" href=\"https:\/\/consbasilea.esteri.it\/it\/news\/dal_consolato\/2026\/08\/messaggio-del-vice-presidente-del-consiglio-dei-ministri-e-ministro-degli-affari-esteri-e-della-cooperazione-internazionale-on-antonio-tajani-in-occasione-del-70-anniversario-della-tragedia-d\/\">\n                                    <span class=\"text\">Leggi di pi\u00f9<\/span>\n                                    <svg class=\"icon\">\n                                    <use xlink:href=\"https:\/\/consbasilea.esteri.it\/wp-content\/themes\/sedi-tema\/assets\/svg\/sprites.svg#it-arrow-right\"><\/use>\n                                    <\/svg>\n                                <\/a>\n                                                    <\/div>\n                    <\/div>\n                <\/div>\n                <!--end card-->\n                <\/div><!-- col-12 .mt-3-->\n                            <div class=\"col-12 mt-3\">\n                <!--start card-->\n                <div class=\"card-wrapper card-space\">\n                    <div class=\"card card-bg card-big border-bottom-card\">\n                        <div class=\"card-body \">\n                                                        <div class=\"category-top\">\n                                                                                                            <span class=\"\">\n                                        <svg class=\"icon icon-secondary\">\n                                            <use xlink:href=\"https:\/\/consbasilea.esteri.it\/wp-content\/themes\/sedi-tema\/assets\/svg\/sprites.svg#it-calendar\"><\/use>\n                                        <\/svg> 3 Agosto 2026                                    <\/span>\n                                                                    <\/div>\n                            <h5 class=\"card-title big-heading text-uppercase\"><a class=\"text-body text-decoration-none\" href=\"https:\/\/consbasilea.esteri.it\/it\/news\/dal_consolato\/2026\/08\/cessazione-della-validita-della-carta-didentita-cartacea-per-lespatrio-dal-3-agosto-2\/\" title=\"Cessazione della validit\u00e0 della carta d\u2019identit\u00e0 cartacea per l\u2019espatrio dal 3 agosto\">Cessazione della validit\u00e0 della carta d\u2019identit\u00e0 cartacea per l\u2019espatrio dal 3 agosto<\/a><\/h5>\n                            <p class=\"card-text\">A partire dal 3 agosto 2026 la versione cartacea della carta di identit\u00e0 cesser\u00e0 di essere valida per l\u2019espatrio, indipendentemente dalla data di scadenza riportata sul retro. Da quel momento, infatti, l\u2019unica versione valida per l\u2019espatrio sar\u00e0 la Carta d\u2019Identit\u00e0 Elettronica (CIE). Contatta il Consolato pi\u00f9 vicino a te per conoscere le modalit\u00e0 di rilascio [&hellip;]<\/p>\n                                <a title=\"Cessazione della validit\u00e0 della carta d\u2019identit\u00e0 cartacea per l\u2019espatrio dal 3 agosto\" class=\"read-more\" href=\"https:\/\/consbasilea.esteri.it\/it\/news\/dal_consolato\/2026\/08\/cessazione-della-validita-della-carta-didentita-cartacea-per-lespatrio-dal-3-agosto-2\/\">\n                                    <span class=\"text\">Leggi di pi\u00f9<\/span>\n                                    <svg class=\"icon\">\n                                    <use xlink:href=\"https:\/\/consbasilea.esteri.it\/wp-content\/themes\/sedi-tema\/assets\/svg\/sprites.svg#it-arrow-right\"><\/use>\n                                    <\/svg>\n                                <\/a>\n                                                    <\/div>\n                    <\/div>\n                <\/div>\n                <!--end card-->\n                <\/div><!-- col-12 .mt-3-->\n                            <div class=\"col-12 mt-3\">\n                <!--start card-->\n                <div class=\"card-wrapper card-space\">\n                    <div class=\"card card-bg card-big border-bottom-card\">\n                        <div class=\"card-body \">\n                                                        <div class=\"category-top\">\n                                                                                                            <span class=\"\">\n                                        <svg class=\"icon icon-secondary\">\n                                            <use xlink:href=\"https:\/\/consbasilea.esteri.it\/wp-content\/themes\/sedi-tema\/assets\/svg\/sprites.svg#it-calendar\"><\/use>\n                                        <\/svg> 29 Luglio 2026                                    <\/span>\n                                                                    <\/div>\n                            <h5 class=\"card-title big-heading text-uppercase\"><a class=\"text-body text-decoration-none\" href=\"https:\/\/consbasilea.esteri.it\/it\/news\/dal_consolato\/2026\/07\/eventi-promozione-culturale-integrata-2027\/\" title=\"EVENTI PROMOZIONE CULTURALE\/INTEGRATA 2027\">EVENTI PROMOZIONE CULTURALE\/INTEGRATA 2027<\/a><\/h5>\n                            <p class=\"card-text\">In occasione della predisposizione del programma di promozione culturale ed integrata per l\u2019anno 2027, questo Consolato Generale intende raccogliere iniziative da associazioni, Universit\u00e0, Istituti scolastici, Autorit\u00e0 locali, rappresentanti del sistema Italia (IIC, ICE, Camera di commercio, imprenditor), artisti, artigiani, sportivi ecc. per l\u2019organizzazione di un calendario di eventi che si svolgeranno nel corso del 2027 [&hellip;]<\/p>\n                                <a title=\"EVENTI PROMOZIONE CULTURALE\/INTEGRATA 2027\" class=\"read-more\" href=\"https:\/\/consbasilea.esteri.it\/it\/news\/dal_consolato\/2026\/07\/eventi-promozione-culturale-integrata-2027\/\">\n                                    <span class=\"text\">Leggi di pi\u00f9<\/span>\n                                    <svg class=\"icon\">\n                                    <use xlink:href=\"https:\/\/consbasilea.esteri.it\/wp-content\/themes\/sedi-tema\/assets\/svg\/sprites.svg#it-arrow-right\"><\/use>\n                                    <\/svg>\n                                <\/a>\n                                                    <\/div>\n                    <\/div>\n                <\/div>\n                <!--end card-->\n                <\/div><!-- col-12 .mt-3-->\n            \n            <div class=\"col-md-12 mt-4 pb-4\">\n                <nav class=\"navigation col-md-12\" aria-label=\"Navigation\">\n                    <h2 class=\"screen-reader-text visually-hidden\">Paginazione<\/h2>\n                    <div class=\"nav-links\">\n                    <span aria-current=\"page\" class=\"page-numbers current\">1<\/span>\n<a class=\"page-numbers\" href=\"https:\/\/consbasilea.esteri.it\/it\/wp-json\/wp\/v2\/pages\/21\/?pag=2\">2<\/a>\n<a class=\"page-numbers\" href=\"https:\/\/consbasilea.esteri.it\/it\/wp-json\/wp\/v2\/pages\/21\/?pag=3\">3<\/a>\n<span class=\"page-numbers dots\">&hellip;<\/span>\n<a class=\"page-numbers\" href=\"https:\/\/consbasilea.esteri.it\/it\/wp-json\/wp\/v2\/pages\/21\/?pag=46\">46<\/a>\n<a class=\"next page-numbers\" href=\"https:\/\/consbasilea.esteri.it\/it\/wp-json\/wp\/v2\/pages\/21\/?pag=2\"><svg class=\"icon icon-primary\"><use xlink:href=\"https:\/\/consbasilea.esteri.it\/wp-content\/themes\/sedi-tema\/assets\/svg\/sprites.svg#it-chevron-right\"><\/use><\/svg>\n                                    <span class=\"visually-hidden\">Pagina successiva<\/span><\/a>                    <\/div>\n                <\/nav>\n            <\/div>   <!--.col-md-12 -->\n              <\/div><!--.row -->\n              \n","protected":false},"excerpt":{"rendered":"","protected":false},"author":1,"featured_media":0,"parent":0,"menu_order":10,"comment_status":"closed","ping_status":"closed","template":"","meta":{"footnotes":""},"class_list":["post-21","page","type-page","status-publish","hentry"],"_links":{"self":[{"href":"https:\/\/consbasilea.esteri.it\/it\/wp-json\/wp\/v2\/pages\/21","targetHints":{"allow":["GET"]}}],"collection":[{"href":"https:\/\/consbasilea.esteri.it\/it\/wp-json\/wp\/v2\/pages"}],"about":[{"href":"https:\/\/consbasilea.esteri.it\/it\/wp-json\/wp\/v2\/types\/page"}],"author":[{"embeddable":true,"href":"https:\/\/consbasilea.esteri.it\/it\/wp-json\/wp\/v2\/users\/1"}],"replies":[{"embeddable":true,"href":"https:\/\/consbasilea.esteri.it\/it\/wp-json\/wp\/v2\/comments?post=21"}],"version-history":[{"count":0,"href":"https:\/\/consbasilea.esteri.it\/it\/wp-json\/wp\/v2\/pages\/21\/revisions"}],"wp:attachment":[{"href":"https:\/\/consbasilea.esteri.it\/it\/wp-json\/wp\/v2\/media?parent=21"}],"curies":[{"name":"wp","href":"https:\/\/api.w.org\/{rel}","templated":true}]}}