{"id":4798,"date":"2025-12-04T10:28:12","date_gmt":"2025-12-04T08:28:12","guid":{"rendered":"https:\/\/consbasilea.esteri.it\/?page_id=4798"},"modified":"2025-12-04T10:42:42","modified_gmt":"2025-12-04T08:42:42","slug":"cv-tedesco-console","status":"publish","type":"page","link":"https:\/\/consbasilea.esteri.it\/de\/servizi-consolari\/servizi-per-il-cittadino-italiano\/wahlverwaltung\/aufhebende-referenden-am-8-und-9-juni-2025-briefwahl-fuer-italienischen-staatsangehoerigen-im-ausland-und-option-fuer-stimmabgabe-in-italien\/cv-tedesco-console\/","title":{"rendered":"Eugenia Tiziana Berti &#8211; Lebenslauf"},"content":{"rendered":"<div class=\"col-lg-8\">\n<article id=\"post-34\" class=\"post-34 page type-page status-publish hentry\">\n<div class=\"entry-content\">\n<p>Ich verf\u00fcge \u00fcber eine langj\u00e4hrige Berufserfahrung, die durch die T\u00e4tigkeit des Rechts- und<br \/>\nVerwaltungspersonals und die Managementaufgaben heterogener Personal- und Funktionsbereiche<br \/>\ngekennzeichnet ist, sowie lieber eine dynamisch internationale Erfahrung, die ich w\u00e4hrend meines<br \/>\nAuslandsaufenthalts f\u00fcr die Wiedervereinigung mit meinem Ehepartner in Grossbritannien, Schweden,<br \/>\nder T\u00fcrkei und den Vereinigten Arabischen Emiraten gesammelt habe, die es mir erm\u00f6glicht hat,<br \/>\nverschiedene Sprachen und Kulturen zu vertiefen und meine Neigung zu Management- und<br \/>\nOrganisationsl\u00f6sungen zu verfeinern, die von internationale Modelle. Ich bin seit 1992 mit Anders<br \/>\nLindblad verheiratet und zusammen haben wir drei T\u00f6chter. Ich liebe Literatur, Kunst, Skifahren,<br \/>\nMenschen und ich war ein Amateurdichter. Seit November 2022 bin ich aufgrund meiner pl\u00f6tzlichen<br \/>\nvollst\u00e4ndigen Taubheit beidseitig Tr\u00e4ger eines Cochlea-Implantats.<\/p>\n<p>Generalkonsul in Curitiba f\u00fcr die Bundesstaaten Paran\u00e0 und Santa Catarina (Brasilien), seit 8. Juni 2023.<br \/>\nMinisterialberater im Ministerium f\u00fcr ausw\u00e4rtige Angelegenheiten und internationale Zusammenarbeit,<br \/>\nder direkt dem Leiter der diplomatischen Zeremonie unterstellt ist und Beratungs-, Forschungs- und<br \/>\nStudienaufgaben hat<br \/>\nRom 30.04.2021 &#8211; 07.06.2023<\/p>\n<p>F\u00fchrungskraft der zweiten Ebene<br \/>\nMinisterium f\u00fcr nachhaltige Infrastruktur und Mobilit\u00e4t, Abteilung 5 &#8211; Verwaltung der instrumentellen<br \/>\nRessourcen in der Generaldirektion Personal und allgemeine Angelegenheiten.<br \/>\nRom, 19.11.2019 &#8211; 29.04.2021<br \/>\nEinsatz in der Abteilung 5 mit Aufgaben u.a. der Verwaltung der gemeinsamen Dienste, des<br \/>\nEinkaufsb\u00fcros, des Buchhaltungsbereichs, der Empf\u00e4ngerb\u00fcros und der Schatzkammern, der<br \/>\nBeziehungen zum Staatseigentum, der Leitung der Logistik des MIMS-Personals und der st\u00e4ndigen<br \/>\nG\u00e4ste.<\/p>\n<p>F\u00fchrungskraft der zweiten Ebene<br \/>\nEhemaliges Kabinettsb\u00fcro des Ministeriums f\u00fcr Infrastruktur und Verkehr<br \/>\nRom, 22.06.2017 &#8211; 18.11.2019<br \/>\nIm Kabinettsb\u00fcro sind die Mitarbeiter beratend, wissenschaftlich und forschend t\u00e4tig, um rechtliche und<br \/>\nadministrative Unterst\u00fctzung in den Zust\u00e4ndigkeitsbereichen des Dikasteriums zu leisten, auch im<br \/>\nBereich der Anwendung der europ\u00e4ischen und internationalen Gesetzgebung in diesem Bereich.<\/p>\n<p>F\u00fchrungskraft der zweiten Ebene<br \/>\nEhemaliges Ministerium f\u00fcr Infrastruktur und Verkehr, Generaldirektion f\u00fcr Elektrizit\u00e4ts- und<br \/>\nWassernetze, Abteilung 7, Koordinierung der Gesetzgebung und Rechtsstreitigkeiten<br \/>\nRom, 2003 &#8211; 2007<br \/>\nIn der Abteilung 7 &#8211; Legislative Coordination and Litigation &#8211; der ehemaligen Generaldirektion Wasser- und<br \/>\nStromnetze, die heute Generaldirektion f\u00fcr Staud\u00e4mme heisst, ist er f\u00fcr die Unterst\u00fctzung des<br \/>\nGeneraldirektors bei der Anwendung von Sektorvorschriften mit der Erstellung von technisch-rechtlichen<br \/>\nBerichten verantwortlich, die auch auf die L\u00f6sung von Fragen im Zusammenhang mit der Anwendung<br \/>\ninternationaler und europ\u00e4ischer Normen in den Zust\u00e4ndigkeitsbereichen der Generaldirektion abzielen.<\/p>\n<p>F\u00fchrungskraft der zweiten Ebene<br \/>\nehemaliges Ministerium f\u00fcr Verkehr und Schifffahrt, ehemaliger Planungs- und Programmierdienst<br \/>\nRom, 22.05.2000 &#8211; 31.12.2001<br \/>\nBeratungs-, Studien- und Forschungsaufgaben zur Unterst\u00fctzung des Generaldirektors bei der Einrichtung<br \/>\ndes Referats f\u00fcr Managementkontrolle und des Referats f\u00fcr die Evaluierung des Managementpersonals. Die<br \/>\nErfahrung wurde nach einem Urlaub zur Zusammenf\u00fchrung des Ehegatten im Ausland unterbrochen.<\/p>\n<p>Rechnungsf\u00fchrer Verwaltungsbeamter<br \/>\nAmt des Rechnungshofs f\u00fcr die Kontrolle der Handlungen des Ministeriums f\u00fcr Verkehr und Schifffahrt<br \/>\nRom, 15.7.1988 &#8211; 21. Mai 2000<\/p>\n<p>Erfahrung als Beamter auf dem Gebiet der Kontrolle der Legitimit\u00e4t der Handlungen des Ministeriums, der<br \/>\nzu dieser Zeit auch Bereiche umfasste, die sp\u00e4ter in den privaten Sektor (z. B. Eisenbahn) oder andere<br \/>\nMinisterien (Zust\u00e4ndigkeiten, die vom Umweltministerium \u00fcbernommen wurden) \u00fcbergingen, und der<br \/>\nManagementkontrolle zur Unterst\u00fctzung der Rechnungslegungsgerichtsbarkeit.<br \/>\nVerwaltungs- und Rechnungsf\u00fchrer INPS Mailand Corvetto<br \/>\nRom, 16.05.1988 &#8211; 14.07.1988<br \/>\nEine kurze Erfahrung, die nach dem Gewinn des Auswahlverfahrens vor dem Rechnungshof von Rom endete.<\/p>\n<p>Anweisung<br \/>\nDiplom in Rechtswissenschaften<br \/>\nUniversit\u00e4t La Sapienza<br \/>\nRom, 30.05. 1985<br \/>\nDiplomarbeit im Verwaltungsrecht &#8222;Das Rahmengesetz \u00fcber die Besch\u00e4ftigung im \u00f6ffentlichen Dienst&#8220; Note<br \/>\n105\/110.<br \/>\nKlassisches Abitur<br \/>\nNorberto Turriziani Gymnasium<br \/>\nFrosinon, 1980<\/p>\n<p>Sprachen<br \/>\nEnglisch: Mittleres Niveau. Berlitz Language Center Diplom in Brighton (UK)<br \/>\nSchwedisch: Fortgeschrittenes Niveau. Diplom an der Cederbladskolan in Uppsala (Schweden) 1996<br \/>\nFranz\u00f6sisch: Mittelstufe. D.E.L.F. im Centre d&#8217;\u00e9tudes Saint-Louis-de-France in Rom 1998<br \/>\nT\u00fcrkisch: Grundstufe. Diplom der 5. Stufe bei EF Istanbul 2008<br \/>\nArabisch: Grundstufe. Islamische Schule von Dubai 3. Stufe 2013<br \/>\nPortugiesisch: Grundstufe<br \/>\nDeutsch: Grundstufe<\/p>\n<\/div>\n<footer class=\"entry-footer\"><\/footer>\n<\/article>\n<\/div>\n<aside id=\"secondary\" class=\"widget-area col-lg-4 ps-3 d-none d-lg-block d-xl-block affix-parent\">\n<div class=\"sidebar-wrapper affix-top side-affix\">\n<section id=\"iwy_widget_walker-2\" class=\"widget widget_iwy_widget_walker\">\n<h4 class=\"h4 widget-title no-toc\"><\/h4>\n<\/section>\n<\/div>\n<\/aside>\n","protected":false},"excerpt":{"rendered":"Ich verf\u00fcge \u00fcber eine langj\u00e4hrige Berufserfahrung, die durch die T\u00e4tigkeit des Rechts- und Verwaltungspersonals und die Managementaufgaben heterogener Personal- und Funktionsbereiche gekennzeichnet ist, sowie lieber eine dynamisch internationale Erfahrung, die ich w\u00e4hrend meines Auslandsaufenthalts f\u00fcr die Wiedervereinigung mit meinem Ehepartner in Grossbritannien, Schweden, der T\u00fcrkei und den Vereinigten Arabischen Emiraten gesammelt habe, die es mir [&hellip;]","protected":false},"author":4,"featured_media":0,"parent":4177,"menu_order":0,"comment_status":"closed","ping_status":"closed","template":"","meta":{"footnotes":""},"class_list":["post-4798","page","type-page","status-publish","hentry"],"_links":{"self":[{"href":"https:\/\/consbasilea.esteri.it\/de\/wp-json\/wp\/v2\/pages\/4798","targetHints":{"allow":["GET"]}}],"collection":[{"href":"https:\/\/consbasilea.esteri.it\/de\/wp-json\/wp\/v2\/pages"}],"about":[{"href":"https:\/\/consbasilea.esteri.it\/de\/wp-json\/wp\/v2\/types\/page"}],"author":[{"embeddable":true,"href":"https:\/\/consbasilea.esteri.it\/de\/wp-json\/wp\/v2\/users\/4"}],"replies":[{"embeddable":true,"href":"https:\/\/consbasilea.esteri.it\/de\/wp-json\/wp\/v2\/comments?post=4798"}],"version-history":[{"count":3,"href":"https:\/\/consbasilea.esteri.it\/de\/wp-json\/wp\/v2\/pages\/4798\/revisions"}],"predecessor-version":[{"id":4819,"href":"https:\/\/consbasilea.esteri.it\/de\/wp-json\/wp\/v2\/pages\/4798\/revisions\/4819"}],"up":[{"embeddable":true,"href":"https:\/\/consbasilea.esteri.it\/de\/wp-json\/wp\/v2\/pages\/4177"}],"wp:attachment":[{"href":"https:\/\/consbasilea.esteri.it\/de\/wp-json\/wp\/v2\/media?parent=4798"}],"curies":[{"name":"wp","href":"https:\/\/api.w.org\/{rel}","templated":true}]}}